{"id":917,"date":"2025-03-29T07:34:07","date_gmt":"2025-03-29T07:34:07","guid":{"rendered":"http:\/\/poborski.eu\/?page_id=917"},"modified":"2025-03-29T07:34:07","modified_gmt":"2025-03-29T07:34:07","slug":"architekci","status":"publish","type":"page","link":"https:\/\/poborski.eu\/?page_id=917","title":{"rendered":"ARCHITEKCI"},"content":{"rendered":"\n<hr class=\"wp-block-separator has-alpha-channel-opacity\"\/>\n\n\n\n<figure class=\"wp-block-image size-large is-resized\"><img decoding=\"async\" src=\"https:\/\/poborskid.files.wordpress.com\/2023\/12\/logoarchi-1.jpg?w=600\" alt=\"\" class=\"wp-image-3150\" style=\"width:77px;height:auto\"\/><\/figure>\n\n\n\n<p><strong>Carl Gotthard Langhans<\/strong> [<a href=\"https:\/\/dbc.wroc.pl\/\/dlibra\/metadatasearch?action=AdvancedSearchAction&amp;type=-3&amp;val1=Title:%22Carl+Gotthard+Langhans+%5C:+ein+schlesischer+Baumeister+1733%5C-1808%22\">czytaj<\/a>]<\/p>\n\n\n\n<p>(ur. 15 grudnia 1732 w Kamiennej G\u00f3rze, zm. 1 pa\u017adziernika 1808 w D\u0105biu ko\u0142o Wroc\u0142awia) \u2013 niemiecki architekt i budowniczy, jeden z najwa\u017cniejszych przedstawicieli wczesnego klasycyzmu w architekturze Prus. <\/p>\n\n\n\n<p>Studiowa\u0142 prawo i matematyk\u0119 w Halle, w zakresie architektury by\u0142 samoukiem . W latach 1768\u20131769 dzi\u0119ki poparciu ksi\u0119cia Franza Philippa Adriana von Hatzfelda zrealizowa\u0142 swoj\u0105 wymarzon\u0105 podr\u00f3\u017c do W\u0142och, gdzie poznawa\u0142 oryginalne zabytki architektury antycznej[4]. P\u00f3\u017aniej r\u00f3wnie\u017c du\u017co podr\u00f3\u017cowa\u0142 \u2013 jako urz\u0119dnik podleg\u0142y bezpo\u015brednio kr\u00f3lowi mia\u0142 okazj\u0119 na koszt w\u0142adcy odby\u0107 podr\u00f3\u017ce do Anglii, Holandii, Belgii i Francji.<\/p>\n\n\n\n<p>Najs\u0142ynniejszym dzie\u0142em Carla Gottharda Langhansa jest Brama Brandenburska w Berlinie, wzorowana na \u017cyczenie kr\u00f3la na Propylejach ate\u0144skich. Zaprojektowa\u0142 te\u017c cz\u0119\u015b\u0107 za\u0142o\u017cenia parkowo-pa\u0142acowego Charlottenburg. Wiele budowli zaprojektowanych przez Langhansa znajduje si\u0119 na terenie Dolnego \u015al\u0105ska, np. pa\u0142ac Wallenberg-Pachalych we Wroc\u0142awiu, zrujnowany dzi\u015b pa\u0142ac Hatzfeldt\u00f3w w \u017bmigrodzie czy odrestaurowany w latach 80. ko\u015bci\u00f3\u0142 ewangelicko-augsburski w Sycowie. W latach 1763\u20131775 by\u0142 radc\u0105 budowlanym Kamer Wojennych i Dominialnych we Wroc\u0142awiu i G\u0142ogowie, kieruj\u0105c jednocze\u015bnie ca\u0142o\u015bci\u0105 spraw budowlanych na \u015al\u0105sku. Od 1788 w Berlinie obj\u0105\u0142 stanowisko dyrektora dworskiego urz\u0119du budowlanego.<\/p>\n\n\n\n<p>Langhans zosta\u0142 pochowany na nieistniej\u0105cym dzi\u015b Wielkim Cmentarzu we Wroc\u0142awiu.<\/p>\n\n\n\n<p>wybrane prace:<\/p>\n\n\n\n<ul class=\"wp-block-list\">\n<li>1762\u20131765 \u2013 przebudowa <strong>pa\u0142acu Hatzfeldt\u00f3w w \u017bmigrodzie<\/strong>, w ruinie;<\/li>\n\n\n\n<li>1766\u20131773 \u2013 pa\u0142ac Hatzfeldt\u00f3w we Wroc\u0142awiu<\/li>\n\n\n\n<li>1776\u20131781 \u2013 pa\u0142ac rodziny von Saurm w Samotworze (powiat wroc\u0142awski)<\/li>\n\n\n\n<li>1778 \u2013 klasycystyczny gmach zak\u0142adu dla ubogich z fundacji kr\u00f3la Fryderyka II w Kluczborku<\/li>\n\n\n\n<li>1778\u20131783 \u2013 pa\u0142ac zbudowany dla Maksymiliana Miel\u017cy\u0144skiego w Paw\u0142owicach (powiat leszczy\u0144ski)<\/li>\n\n\n\n<li>ok. 1785 \u2013 <strong>pa\u0142ac w Jedlinie-Zdroju<\/strong>, przypisywany<\/li>\n\n\n\n<li>1785 \u2013 przebudowa barokowego <strong>pa\u0142acu rodziny Saurma-Hoym<\/strong> na styl klasycystyczny w Brzegu Dolnym<\/li>\n\n\n\n<li>1785\u20131788 \u2013 park w Brzegu Dolnym<\/li>\n\n\n\n<li>1785\u20131787 \u2013 pa\u0142ac rodziny Wallenberg-Pachaly we Wroc\u0142awiu<\/li>\n\n\n\n<li>1788 \u2013 gmach obserwatorium astronomicznego w Halle<\/li>\n\n\n\n<li>1788 \u2013 przebudowa Staatsoper Unter den Linden przy Unter den Linden 7 w Berlinie<\/li>\n\n\n\n<li>1788 \u2013 belweder w parku przy pa\u0142acu Charlottenburg<\/li>\n\n\n\n<li>1788\u20131790 \u2013 dw\u00f3r w Bad Freienwalde<\/li>\n\n\n\n<li>1789\u20131790 \u2013 budynek bramy w Poczdamie (razem z Andreasem Ludwigiem Kr\u00fcgerem)<\/li>\n\n\n\n<li>1789\u20131790 \u2013 teatr anatomiczny berli\u0144skiej Wy\u017cszej Szko\u0142y Weterynaryjnej<\/li>\n\n\n\n<li>1788\u20131791 \u2013 <strong>Brama Brandenburska w Berlinie<\/strong><\/li>\n\n\n\n<li>1791\u20131792 \u2013 piramida w Nowym Ogrodzie w Poczdamie (razem z Andreasem Ludwigiem Kr\u00fcgerem)<\/li>\n\n\n\n<li>1791 \u2013 klasycystyczny pa\u0142ac w \u017berkowie, w gminie Brzeg Dolny<\/li>\n\n\n\n<li>1794 \u2013 pa\u0142ac rodziny von Rotkirch w Czerwonym Ko\u015bciele (powiat legnicki)1796\u20131797 \u2013 rozbudowa pa\u0142acu kr\u00f3lewskiego we Wroc\u0142awiu<\/li>\n\n\n\n<li>1796\u20131797 \u2013&nbsp;<strong>ko\u015bci\u00f3\u0142 ewangelicki w \u017beliszowi<\/strong>e, obecnie w trakcie odbudowy<\/li>\n\n\n\n<li>ok. 1800 \u2013 pawilon klasycystyczny z portykiem kolumnowym w parku przy <strong>Pa\u0142acu Lehndorf\u00f3w w Sztynorcie<\/strong> (powiat gi\u017cycki)<\/li>\n\n\n\n<li>1800 \u2013 projekt <strong>Ba\u017cantarni w Pszczynie-Por\u0119bie<\/strong><\/li>\n\n\n\n<li>1800 \u2013 klasycystyczny <strong>pa\u0142ac w Maciejowie,<\/strong> gmina Kluczbork.<\/li>\n\n\n\n<li><a href=\"https:\/\/dbc.wroc.pl\/\/dlibra\/metadatasearch?action=AdvancedSearchAction&amp;type=-3&amp;val1=Title:%22Carl+Gotthard+Langhans+%5C:+ein+schlesischer+Baumeister+1733%5C-1808%22\">wi\u0119cej<\/a><\/li>\n<\/ul>\n\n\n\n<hr class=\"wp-block-separator has-alpha-channel-opacity\"\/>\n\n\n\n<figure class=\"wp-block-image size-large is-resized\"><img decoding=\"async\" src=\"https:\/\/poborskid.files.wordpress.com\/2023\/12\/logoarchi-1.jpg?w=600\" alt=\"\" class=\"wp-image-3150\" style=\"width:77px;height:auto\"\/><\/figure>\n\n\n\n<p><strong>Jakob Carova <\/strong><\/p>\n\n\n\n<p>(Jacopo Carove) (XVII wiek-XVIII wiek) \u2013 architekt i mistrz budowlany doby baroku pochodzenia w\u0142oskiego.<br>Przyby\u0142 z W\u0142och w po\u0142owie XVII wieku na ziemi\u0119 k\u0142odzk\u0105 razem ze swoim ojcem Andre\u0105. Ucz\u0119szcza\u0142 do Kolegium Jezuickiego w K\u0142odzku.<br>Do jego g\u0142\u00f3wnych prac nale\u017c\u0105 m.in. budowa <strong>pa\u0142acu w Korytowie<\/strong>, przebudowa twierdzy k\u0142odzkiej (1680\u20131702), barokizacja siedzib rodu Althann\u00f3w: <strong>zamku w Mi\u0119dzylesiu<\/strong> i <strong>pa\u0142acu w Wilkanowie<\/strong> (1696\u20131701); ko\u015bcio\u0142y w: Gorzanowie (1676), Starej \u0141omnicy (1685), Wilkanowie (1697\u20131701), Nowej Wsi (1702\u20131704).<\/p>\n\n\n\n<hr class=\"wp-block-separator has-alpha-channel-opacity\"\/>\n\n\n\n<figure class=\"wp-block-image size-large is-resized\"><img decoding=\"async\" src=\"https:\/\/poborskid.files.wordpress.com\/2023\/12\/logoarchi-1.jpg?w=600\" alt=\"\" class=\"wp-image-3150\" style=\"width:77px;height:auto\"\/><\/figure>\n\n\n\n<p><strong>Hans Schneider von Lindau<\/strong><\/p>\n\n\n\n<p>(ur. ok. 1544, zm. 1608) \u2013 niemiecki architekt, budowniczy i fortyfikator, dzia\u0142aj\u0105cy na Pomorzu i na \u015al\u0105sku.<br>Pochodzi\u0142 z Lindau (Bodensee) w po\u0142udniowej Bawarii nad Jeziorem Bode\u0144skim, cz\u0119sto okre\u015blany te\u017c mianem Szwajcara. W latach 1568\u20131570 wybudowa\u0142 Dom Angielski w Gda\u0144sku. Od 1570 mistrz budowlany rady miejskiej w Elbl\u0105gu, gdzie nadzorowa\u0142 przez lata 70. prace fortyfikacyjne. Schneiderowi przypisywany jest m.in. projekt przebudowy kamienicy przy dzisiejszej ulicy Kowalskiej, dawniej Schmiedestra\u00dfe, nr 10 w Elbl\u0105gu, gdzie obecnie mie\u015bci si\u0119 hotel &#8222;Pod Lwem&#8221;. Od 1578 do 1583 budowa\u0142 Dw\u00f3r Artusa w Elbl\u0105gu, a od 1586 fort carr\u00e9 w Gda\u0144sku, p\u00f3\u017aniej rozbudowany w twierdz\u0119 Wis\u0142ouj\u015bcie.<\/p>\n\n\n\n<p>W 1591 zatrudni\u0142a go rada miejska Wroc\u0142awia, gdzie zosta\u0142 fortyfikatorem, a potem miejskim budowniczym. Od 1585 projektowa\u0142 wroc\u0142awskie fortyfikacje w systemie nowow\u0142oskim: Bastion Ceglarski (1586), Piaskowy (1588), Bernardy\u0144ski (1588), Bram\u0119 Piaskow\u0105 (1592\u20131595) i Bastion Sakwowy (1593\u20131598). Opr\u00f3cz tego we Wroc\u0142awiu w latach 1588\u20131596 budowa\u0142 urz\u0105dzenia wodoci\u0105gowe, a w innych miastach na \u015al\u0105sku \u2013 fortyfikacje (m.in. w 1594 w Nysie i w Wi\u0105zowie). Na wniosek Jana Krzysztofa Pr\u00f3szkowskiego w roku 1605 Hans Schneider uzyska\u0142 od wroc\u0142awskiej rady zezwolenie na dwutygodniowy (tylko; p\u00f3\u017aniej nakazano mu powr\u00f3t) wyjazd do Chrzelic, gdzie zaprojektowa\u0142 nowoczesny na owe czasy system fortyfikacji; nie zosta\u0142 on nigdy jednak zrealizowany. Schneiderowi przypisuje si\u0119 r\u00f3wnie\u017c udzia\u0142 w pracach fortyfikacyjnych Ole\u015bnicy i ko\u015bcio\u0142a Tr\u00f3jcy \u015awi\u0119tej w \u017b\u00f3rawinie.<\/p>\n\n\n\n<hr class=\"wp-block-separator has-alpha-channel-opacity\"\/>\n\n\n\n<figure class=\"wp-block-image size-large is-resized\"><img decoding=\"async\" src=\"https:\/\/poborskid.files.wordpress.com\/2023\/12\/logoarchi-1.jpg?w=600\" alt=\"\" class=\"wp-image-3150\" style=\"width:77px;height:auto\"\/><\/figure>\n\n\n\n<p><strong>Karl Friedrich Schinkel<\/strong><\/p>\n\n\n\n<p>(ur. 13 marca 1781 w Neuruppinie, zm. 9 pa\u017adziernika 1841 w Berlinie) \u2013 niemiecki architekt, urbanista, projektant i malarz, jeden z wybitniejszych tw\u00f3rc\u00f3w klasycyzmu w Kr\u00f3lestwie Prus, tworz\u0105cy tak\u017ce w stylu arkadowym. Szko\u0142\u0105 Schinkla (niem. Schinkelschule) nazwano dzia\u0142alno\u015b\u0107 grupy niemieckich architekt\u00f3w kontynuuj\u0105cych styl Schinkla.<\/p>\n\n\n\n<p>Projektowa\u0142 m.in. budow\u0119 pa\u0142ac\u00f3w w Antoninie i Owi\u0144skach. Jego szkice wykorzystano przy przebudowie zamku w K\u00f3rniku. Zleceniodawcami Schinkla by\u0142a tak\u017ce pruska rodzina kr\u00f3lewska, dla kt\u00f3rej przebudowa\u0142 pa\u0142ac Charlottenhof w Poczdamie i Charlottenburgu (Nowy Pawilon). By\u0142 wsp\u00f3\u0142tw\u00f3rc\u0105 projektu poczdamskiego zamku Babelsberg.<\/p>\n\n\n\n<p>Wed\u0142ug projekt\u00f3w Schinkla zbudowano gmach pijalni w\u00f3d Elisenbrunnen w Akwizgranie, odwach staromiejski w Dre\u017anie, a tak\u017ce ratusze w Ko\u0142obrzegu i O\u0142awie (przebudowa). Schinkel nie stroni\u0142 r\u00f3wnie\u017c od budownictwa sakralnego \u2013 wed\u0142ug jego projekt\u00f3w wybudowano szereg berli\u0144skich ko\u015bcio\u0142\u00f3w: \u015bw. Paw\u0142a w dzielnicy Wedding, \u015bw. Jana na Moabicie, \u015bw. El\u017cbiety przy Invalidenstrasse i ko\u015bci\u00f3\u0142 Nazaretanek w dzielnicy Wedding. Jego autorstwa jest r\u00f3wnie\u017c projekt ko\u015bcio\u0142\u00f3w \u015bw. Miko\u0142aja w Poczdamie czy \u015bw. Marcina w Krzeszowicach. Zaprojektowane przez Schinkla ko\u015bcio\u0142y w Lidzbarku Warmi\u0144skim i Ornecie s\u0105 obecnie wykorzystywane jako cerkwie, ko\u015bci\u00f3\u0142 w Dobrym Mie\u015bcie jako biblioteka, a dawny ko\u015bci\u00f3\u0142 ewangelicki w Bystrzycy K\u0142odzkiej \u2013 jako siedziba Muzeum Filumenistycznego.<\/p>\n\n\n\n<p>W Bydgoszczy Schinkel zaanga\u017cowany by\u0142 w projekt gmachu Rejencji (1834\u20131836), a w pobliskim Ostromecku pa\u0142acu Jakuba Marcina.<\/p>\n\n\n\n<p>Schinkel jest tak\u017ce autorem projektu pomnika feldmarsza\u0142ka Kutuzowa w Boles\u0142awcu. Architekt nie stroni\u0142 r\u00f3wnie\u017c od mniejszych form architektonicznych, projektuj\u0105c m.in. studzienk\u0119 \u015bw. Ottona z Bambergu w Pyrzycach.<\/p>\n\n\n\n<p>Pa\u0142ac w Kamie\u0144cu Z\u0105bkowickim (1838) \u2013 rezydencja Marianny Ora\u0144skiej i Albrechta Hohenzollerna \u2013 by\u0142 ostatnim udokumentowanym projektem schorowanego architekta. Przypisuje mu si\u0119 jeszcze opracowanie przebudowy pa\u0142acu w Zatoniu na kilka miesi\u0119cy przed \u015bmierci\u0105; nie m\u00f3g\u0142 by\u0107 jednak autorem tego projektu, bowiem kiedy w\u0142a\u015bcicielka przyst\u0105pi\u0142a do przebudowy w 1841, Schinkel przebywa\u0142 ju\u017c w wielomiesi\u0119cznej \u015bpi\u0105czce, z kt\u00f3rej si\u0119 nie wybudzi\u0142.<\/p>\n\n\n\n<p>Sporz\u0105dzenie pe\u0142nej listy budowli wzniesionych lub przebudowanych wed\u0142ug projekt\u00f3w Schinkla jest zadaniem trudnym z uwagi na brak pe\u0142nej dokumentacji ingerencji Schinkla w projekty innych architekt\u00f3w przedk\u0142adanych mu do zaakceptowania w Urz\u0119dzie Budowlanym[20] \u2013 st\u0105d wiele projekt\u00f3w jest mu przypisywanych. Ponadto wiele z jego realizacji zosta\u0142o przebudowanych w okresie p\u00f3\u017aniejszym, zniszczonych podczas dzia\u0142a\u0144 wojennych lub wyburzonych<\/p>\n\n\n\n<ul class=\"wp-block-list\">\n<li>1823 &#8211; <strong>Budynek s\u0105du w Raciborzu<\/strong>&nbsp;<\/li>\n\n\n\n<li>1838 &#8211; <strong>Pa\u0142ac w Kamie\u0144cu Z\u0105bkowickim<\/strong> (w przygotowaniu)<\/li>\n\n\n\n<li>1837 &#8211; <strong><a href=\"https:\/\/poborskid.wordpress.com\/2023\/07\/02\/palac-w-kluczowej\/\">Pa\u0142ac w Kluczowej <\/a><\/strong><\/li>\n<\/ul>\n\n\n\n<hr class=\"wp-block-separator has-alpha-channel-opacity\"\/>\n\n\n\n<figure class=\"wp-block-image size-large is-resized\"><img decoding=\"async\" src=\"https:\/\/poborskid.files.wordpress.com\/2023\/12\/logoarchi-1.jpg?w=600\" alt=\"\" class=\"wp-image-3150\" style=\"width:77px;height:auto\"\/><\/figure>\n\n\n\n<p><strong>Viktor Rumpelmayer<\/strong><\/p>\n\n\n\n<p>(7 listopada 1830 &#8211; 14 czerwca 1885, Wiede\u0144) <\/p>\n\n\n\n<p>By\u0142 austro-w\u0119gierskim architektem XIX wieku. Jego styl architektoniczny stanowi\u0142 harmoniczne po\u0142\u0105czenie wp\u0142yw\u00f3w francuskich, w\u0142oskich i miejscowych trend\u00f3w wiede\u0144skich charakterystycznych dla tego okresu. Uznawany jest za jednego z najwybitniejszych architekt\u00f3w Europy \u015arodkowej w swoim czasie.<\/p>\n\n\n\n<p>Urodzi\u0142 si\u0119 w Pre\u00dfburgu na W\u0119grzech (obecnie Bratys\u0142awa na S\u0142owacji). Rumpelmayer pracowa\u0142 nie tylko w rodzinnym kraju, ale tak\u017ce za granic\u0105, w Bu\u0142garii, gdzie zaprojektowa\u0142 i zrealizowa\u0142 neobarokowy Pa\u0142ac Kr\u00f3lewski Bu\u0142garii (obecnie Narodowa Galeria Sztuki) oraz letni pa\u0142ac Ksi\u0119cia Aleksandra Battenberga, Euxinograd, po\u0142o\u017cony nad brzegiem Morza Czarnego.<\/p>\n\n\n\n<p>W\u015br\u00f3d innych znacz\u0105cych dzie\u0142 Rumpelmayera znajduj\u0105 si\u0119 liczne pa\u0142ace dla wybitnych cz\u0142onk\u00f3w arystokracji, w tym Ambasada Brytyjska w Wiedniu wraz z Ko\u015bcio\u0142em Chrystusa, Ambasada Niemiecka w Wiedniu oraz pawilon portugalski na Wystawie \u015awiatowej Exposition Universelle w Pary\u017cu w 1900 roku. Rumpelmayer by\u0142 r\u00f3wnie\u017c odpowiedzialny za przeprojektowanie Pa\u0142acu Festetics w Keszthely na W\u0119grzech, co stanowi\u0142o kolejne znacz\u0105ce osi\u0105gni\u0119cie w jego karierze.<\/p>\n\n\n\n<p><\/p>\n\n\n\n<p>zobacz: <strong><a href=\"https:\/\/poborskid.wordpress.com\/2023\/06\/28\/palac-w-trzebiechowie\/\">Pa\u0142ac w Trzebiechowie<\/a><\/strong><\/p>\n\n\n\n<hr class=\"wp-block-separator has-alpha-channel-opacity\"\/>\n\n\n\n<figure class=\"wp-block-image size-large is-resized\"><img decoding=\"async\" src=\"https:\/\/poborskid.files.wordpress.com\/2023\/12\/logoarchi-1.jpg?w=600\" alt=\"\" class=\"wp-image-3150\" style=\"width:77px;height:auto\"\/><\/figure>\n\n\n\n<p><strong>Carl Johann Bogus\u0142aw L\u00fcdecke<\/strong><\/p>\n\n\n\n<p>wi\u0119cej na:<\/p>\n\n\n\n<figure class=\"wp-block-embed is-type-wp-embed is-provider-poborski-photoblog wp-block-embed-poborski-photoblog\"><div class=\"wp-block-embed__wrapper\">\n<blockquote class=\"wp-embedded-content\" data-secret=\"HYM3HAZWYX\"><a href=\"https:\/\/poborskid.wordpress.com\/2023\/12\/28\/ludecke-carl-architekci\/\">L\u00fcdecke, Carl [ARCHITEKCI]<\/a><\/blockquote><iframe class=\"wp-embedded-content\" sandbox=\"allow-scripts\" security=\"restricted\" style=\"position: absolute; visibility: hidden;\" title=\"&#8222;L\u00fcdecke, Carl [ARCHITEKCI]&#8221; &#8212; poborski PHOTOBLOG\" src=\"https:\/\/poborskid.wordpress.com\/2023\/12\/28\/ludecke-carl-architekci\/embed\/#?secret=S4pve33c9W#?secret=HYM3HAZWYX\" data-secret=\"HYM3HAZWYX\" width=\"500\" height=\"282\" frameborder=\"0\" marginwidth=\"0\" marginheight=\"0\" scrolling=\"no\"><\/iframe>\n<\/div><\/figure>\n\n\n\n<p>(ur. 21 stycznia 1826 w Szczecinie, zm. 21 stycznia 1894 we Wroc\u0142awiu). <\/p>\n\n\n\n<p>Studziowa\u0142 w Berlinie, rozpoczynaj\u0105c prac\u0119 na Pomorzu. Nast\u0119pnie przeni\u00f3s\u0142 si\u0119 do Wroc\u0142awia. Od 1 grudnia 1856 roku zosta\u0142 zatrudniony jako nauczyciel architektury i mechaniki w Szkole Budownictwa i Rzemios\u0142, obecnie siedziba Akademii Sztuk Pi\u0119knych. W 1875 roku obj\u0105\u0142 stanowisko dyrektora tej\u017ce szko\u0142y. 5 kwietnia 1869 roku otrzyma\u0142 tytu\u0142 radcy budowlanego.<\/p>\n\n\n\n<p>W Sali Mieszcza\u0144skiej Starego Ratusza we Wroc\u0142awiu mo\u017cna zobaczy\u0107 marmurowe popiersie Karla L\u00fcdecke, kt\u00f3re stanowi cz\u0119\u015b\u0107 ekspozycji &#8222;Galeria S\u0142awnych Wroc\u0142awian&#8221;.<\/p>\n\n\n\n<p>jego prace to m.in:<\/p>\n\n\n\n<ul class=\"wp-block-list\">\n<li>1856\u20131863 \u2013 <strong><a href=\"https:\/\/poborskid.wordpress.com\/2023\/07\/07\/palac-biechow\/\">pa\u0142ac w&nbsp;Biechowie<\/a><\/strong><\/li>\n\n\n\n<li>1860 \u2013 <strong>pa\u0142ac w&nbsp;Tu\u0142owicach<\/strong><\/li>\n\n\n\n<li>1864 \u2013&nbsp;<strong>pa\u0142ac w Kopicach<\/strong><\/li>\n\n\n\n<li>1865-75 \u2013 pa\u0142ac w&nbsp;Lubnie<\/li>\n\n\n\n<li>1871 \u2013&nbsp;<strong>p<a href=\"https:\/\/poborskid.wordpress.com\/2023\/06\/30\/palac-w-tworkowie\/\">a\u0142ac w Tworkowie<\/a><\/strong><\/li>\n\n\n\n<li>1878 &#8211; <strong><a href=\"https:\/\/poborskid.wordpress.com\/2023\/06\/27\/palac-klonice\/\">pa\u0142ac K\u0142onice<\/a><\/strong><\/li>\n\n\n\n<li><strong><a href=\"https:\/\/poborskid.wordpress.com\/2023\/07\/08\/palac-w-jedrzejowie\/\">pa\u0142ac w J\u0119drzejowie<\/a><\/strong> &#8211; przebudowany wg. sugestii L\u00fcdecka ?<\/li>\n<\/ul>\n\n\n\n<p><\/p>\n\n\n\n<hr class=\"wp-block-separator has-alpha-channel-opacity\"\/>\n\n\n\n<figure class=\"wp-block-image size-large is-resized\"><img decoding=\"async\" src=\"https:\/\/poborskid.files.wordpress.com\/2023\/12\/logoarchi-1.jpg?w=600\" alt=\"\" class=\"wp-image-3150\" style=\"width:77px;height:auto\"\/><\/figure>\n\n\n\n<p><strong>Carl Heidenreich<\/strong> \/ <a href=\"http:\/\/www.malanowicz.eu\/mm\/pasje\/architektura\/palace\/heidenreich.htm\">*<\/a>\/<a href=\"http:\/\/www.gliwiczanie.pl\/Odwiedziny\/Heidenreich\/ch.html\">**<\/a><\/p>\n\n\n\n<p>Ucze\u0144 s\u0142ynnego berli\u0144skiego architekta Karla L\u00fcdeckiego, pioniera neorenesansu, zwanego te\u017c wirtuozem neogotyku<\/p>\n\n\n\n<ul class=\"wp-block-list\">\n<li>1886\u20131889 \u2013&nbsp;<strong><a href=\"https:\/\/poborskid.wordpress.com\/2023\/07\/15\/palac-we-fraczkowie\/\">pa\u0142ac Fr\u0105czk\u00f3w<\/a> <\/strong>(powiat nyski) <\/li>\n\n\n\n<li>po 1868 &#8211; <strong><a href=\"https:\/\/poborskid.wordpress.com\/2023\/07\/08\/palac-w-jedrzejowie\/\">pa\u0142ac w J\u0119drzejowie<\/a><\/strong> (powiat brzeski)<\/li>\n\n\n\n<li>1873 &#8211; <strong>pa\u0142ac Kopice<\/strong> (powiat brzeski)<\/li>\n\n\n\n<li>???-  pa\u0142ac Kwietno (powiat \u015bredzki) ???<\/li>\n\n\n\n<li>??? &#8211; <strong>pa\u0142ac Rysiowice <\/strong>(powiat nyski) ???<\/li>\n\n\n\n<li>1882\u20131884 &#8211; <strong><a href=\"https:\/\/poborskid.wordpress.com\/2023\/06\/27\/palac-plawniowice\/\">pa\u0142ac w P\u0142awniowicach<\/a><\/strong> (powiat gliwicki)<\/li>\n\n\n\n<li>1872\u20131874 &#8211; <strong><a href=\"https:\/\/poborskid.wordpress.com\/2023\/06\/30\/palac-w-tworkowie\/\">pa\u0142ac w Tworkowie<\/a><\/strong> (powiat raciborski)<\/li>\n\n\n\n<li>1879\u20131889 &#8211; Pa\u0142ac w Tu\u0142owicach (powiat nyski)<\/li>\n<\/ul>\n\n\n\n<hr class=\"wp-block-separator has-alpha-channel-opacity\"\/>\n\n\n\n<figure class=\"wp-block-image size-large is-resized\"><img decoding=\"async\" src=\"https:\/\/poborskid.files.wordpress.com\/2023\/12\/logoarchi-1.jpg?w=600\" alt=\"\" class=\"wp-image-3150\" style=\"width:77px;height:auto\"\/><\/figure>\n\n\n\n<p><strong>Edwin Oppler<\/strong><\/p>\n\n\n\n<p>By\u0142 niemieckim architektem o \u017cydowskim pochodzeniu. Jego g\u0142\u00f3wne dzie\u0142a charakteryzowa\u0142y si\u0119 stylem neogotyckim oraz neoroma\u0144skim.<\/p>\n\n\n\n<p>Oppler by\u0142 synem kupca Salo Opplera i Minny Seldis. Uko\u0144czy\u0142 gimnazjum we Wroc\u0142awiu, a nast\u0119pnie studiowa\u0142 architektur\u0119 na politechnice w Hanowerze. Dodatkowo zdobywa\u0142 wiedz\u0119 w dziedzinie stolarstwa w Bremie. Przez pewien czas pracowa\u0142 w pracowni Conrada Wilhelma Hasego, gdzie zajmowa\u0142 si\u0119 restauracj\u0105 budynk\u00f3w w Hanowerze i Hildesheim. W latach 1858\u20131860 Oppler odby\u0142 podr\u00f3\u017c do Brukseli i Pary\u017ca, gdzie podj\u0105\u0142 prac\u0119 w pracowni Eug\u00e8ne&#8217;a Viollet-le-Duca. Wsp\u00f3\u0142pracuj\u0105c przy restauracji katedr w Pary\u017cu, Rouen i Amiens zdobywa\u0142 cenne do\u015bwiadczenie.<\/p>\n\n\n\n<p>W 1866 roku Oppler po\u015blubi\u0142 Ell\u0119 Cohen. Rok wcze\u015bniej, w 1859 roku, rozpocz\u0105\u0142 samodzieln\u0105 dzia\u0142alno\u015b\u0107 architektoniczn\u0105 w Hanowerze, gdzie zrealizowa\u0142 projekt lub przebudow\u0119 30 obiekt\u00f3w zgodnie ze swoimi koncepcjami. Za swoje osi\u0105gni\u0119cia w projektowaniu wn\u0119trz zamku Marienburg (1864 r.) otrzyma\u0142 tytu\u0142 Kr\u00f3lewskiego Radcy Budowlanego. Oppler zdoby\u0142 r\u00f3wnie\u017c uznanie dzi\u0119ki swoim licznym projektom synagog, w kt\u00f3rych porzuci\u0142 \u00f3wczesne popularne arabsko-maureta\u0144skie stylizacje na rzecz arkadowego stylu z elementami p\u00f3\u017anoroma\u0144skimi i wczesnogotyckimi. Architekt zaprojektowa\u0142 bo\u017cnice \u017cydowskie we Wroc\u0142awiu, \u015awidnicy, Hameln i Bleicherode. Niestety, \u017cadna z tych budowli nie przetrwa\u0142a \u2013 wszystkie uleg\u0142y zniszczeniu z r\u0105k nazist\u00f3w.<\/p>\n\n\n\n<p>W latach 1870\u20131878 Oppler wydawa\u0142 pismo \u201eDie Kunst im Gewerbe\u201d.<\/p>\n\n\n\n<p>jego prace to m.in:<\/p>\n\n\n\n<ul class=\"wp-block-list\">\n<li>Od 1862 do ko\u0144ca lat 70. \u2013 g\u0142\u00f3wny (nowy) dom zdrojowy oraz kilka pensjonat\u00f3w sanatorium w Soko\u0142owsku,<\/li>\n\n\n\n<li>wn\u0119trza zamku Marienburg (od 1864 r.)<\/li>\n\n\n\n<li>1864\u20131870 \u2013 synagoga Bergstrasse w Hanowerze<\/li>\n\n\n\n<li>1863\u20131870 \u2013 dom towarowy Heinemanna w Hanowerze<\/li>\n\n\n\n<li>1866\u20131872 \u2013 Nowa Synagoga we Wroc\u0142awiu<\/li>\n\n\n\n<li>trzy grobowce na kirkucie we Wroc\u0142awiu: Kolker\u00f3w, Heimann\u00f3w i swego ojca<\/li>\n\n\n\n<li>1867\u20131872 \u2013 willa Alberta Cahna w Bonn-Plittersdorfie<\/li>\n\n\n\n<li>1873\u20131874 \u2013 willa Solms w Baden-Baden<\/li>\n\n\n\n<li>1874\u20131875 \u2013 Szko\u0142a Izraelicka w Hanowerze<\/li>\n\n\n\n<li>1877 \u2013 synagoga w Karlowych Warach<\/li>\n\n\n\n<li>1877 \u2013 synagoga w \u015awidnicy<\/li>\n\n\n\n<li><a href=\"https:\/\/poborskid.wordpress.com\/2023\/06\/27\/palac-w-wiekszycach\/\"><strong>pa\u0142ac w Wi\u0119kszycach <\/strong><\/a><\/li>\n<\/ul>\n\n\n\n<hr class=\"wp-block-separator has-alpha-channel-opacity\"\/>\n\n\n\n<figure class=\"wp-block-image size-large is-resized\"><img decoding=\"async\" src=\"https:\/\/poborskid.files.wordpress.com\/2023\/12\/logoarchi-1.jpg?w=600\" alt=\"\" class=\"wp-image-3150\" style=\"width:77px;height:auto\"\/><\/figure>\n\n\n\n<p><strong>Karl Schmidt<\/strong><\/p>\n\n\n\n<p>(ur. 23 marca 1836, zm. 12 kwietnia 1888) \u2013 niemiecki architekt dzia\u0142aj\u0105cy we Wroc\u0142awiu.<\/p>\n\n\n\n<p>Absolwent Akademii Budownictwa w Berlinie. Jego g\u0142\u00f3wne prace powsta\u0142y we Wroc\u0142awiu:<\/p>\n\n\n\n<ul class=\"wp-block-list\">\n<li>1863\u20131865 \u2013 zabudowa wroc\u0142awskiego Zoo<\/li>\n\n\n\n<li>1867 \u2013 Wzg\u00f3rze Liebicha (niem. Liebichs H\u00f6he)<\/li>\n\n\n\n<li>1869\u20131871 &#8211; <strong>Pa\u0142ac w \u017bela\u017anie<\/strong><\/li>\n\n\n\n<li>1870 &#8211; <strong><a href=\"https:\/\/poborskid.wordpress.com\/2023\/06\/26\/palac-hra\/\">Pa\u0142ac w Bo\u017ckowie<\/a><\/strong><\/li>\n\n\n\n<li>1871\u20131872 \u2013 znaczna przebudowa i rozbudowa opery wroc\u0142awskiej po po\u017carze.<\/li>\n\n\n\n<li>1872\u20131874 \u2013 pa\u0142ac Leipzigera przy Wierzbowej 15 we Wroc\u0142awiu<\/li>\n\n\n\n<li>1870-1873 &#8211; Kamienica Sachs\u00f3w we Wroc\u0142awiu<\/li>\n<\/ul>\n\n\n\n<hr class=\"wp-block-separator has-alpha-channel-opacity\"\/>\n\n\n\n<figure class=\"wp-block-image size-large is-resized\"><img decoding=\"async\" src=\"https:\/\/poborskid.files.wordpress.com\/2023\/12\/logoarchi-1.jpg?w=600\" alt=\"\" class=\"wp-image-3150\" style=\"width:77px;height:auto\"\/><\/figure>\n\n\n\n<p><strong>Stanis\u0142aw Hebanowski<\/strong><\/p>\n\n\n\n<p>Stanis\u0142aw Hebanowski (ur. 28 marca 1820, zm. 13 lutego 1898) by\u0142 wybitnym polskim architektem.<\/p>\n\n\n\n<p>Jego ojciec pe\u0142ni\u0142 funkcj\u0119 profesora gimnazjum klasycznego, a m\u0142ody Stanis\u0142aw rozpocz\u0105\u0142 swoj\u0105 edukacj\u0119 w prywatnej szkole prowadzonej przez Antoniego Krzy\u017canowskiego. Nast\u0119pnie, w latach 1842\u20131844, kontynuowa\u0142 nauk\u0119 w renomowanej Akademii w Berlinie, a p\u00f3\u017aniej w Pary\u017cu. Po powrocie do Poznania przed rokiem 1855, Hebanowski rozpocz\u0105\u0142 prac\u0119 jako niezale\u017cny architekt i budowniczy. Jego projekty charakteryzowa\u0142y si\u0119 wyra\u017anym wp\u0142ywem w\u0142oskiego i francuskiego renesansu, a wn\u0119trza wyr\u00f3\u017cnia\u0142y si\u0119 dekoracjami barokowo-rokokowymi.<\/p>\n\n\n\n<p>Jednym z jego wa\u017cnych projekt\u00f3w by\u0142o zaprojektowanie willi oraz fabryki dla Hipolita Cegielskiego przy ulicy Podg\u00f3rnej. Spo\u015br\u00f3d zabudowa\u0144 zak\u0142ad\u00f3w Cegielskiego, przy ulicy Strzeleckiej.<\/p>\n\n\n\n<p>R\u00f3wnie\u017c kamienica przy \u015awi\u0119tym Marcinie 11 w Poznaniu jest jedyn\u0105 znan\u0105 kamienic\u0105 zaprojektowan\u0105 przez Hebanowskiego. Wsp\u00f3lnie z lekarzem Teofilem Mateckim, Hebanowski wybudowa\u0142 t\u0119 kamienic\u0119, kt\u00f3ra s\u0105siadowa\u0142a z dawnym cmentarzem ko\u015bcio\u0142a \u015bw. Marcina. To w\u0142a\u015bnie na tym cmentarzu w roku 1859 ods\u0142oni\u0119to pomnik Adama Mickiewicza, a kamienica stanowi\u0142a malownicze t\u0142o dla tego dzie\u0142a.<\/p>\n\n\n\n<p>W 1872 roku Stanis\u0142aw Hebanowski stworzy\u0142 projekt Teatru Polskiego, b\u0119d\u0105cego istotnym elementem kulturalnym miasta. Ponadto, by\u0142 cz\u0142onkiem rady miejskiej, zaanga\u017cowanym w rozw\u00f3j spo\u0142eczny Poznania.<\/p>\n\n\n\n<p>Architekt zmar\u0142 w 1898 roku i zosta\u0142 pochowany na cmentarzu w Gieczu, b\u0119d\u0105cym w\u00f3wczas w jego posiadaniu.<\/p>\n\n\n\n<p>Jego klientami byli jednak g\u0142\u00f3wnie polscy ziemianie. W Wielkopolsce zachowa\u0142o si\u0119 wiele budowli projektowanych przez Hebanowskiego:<\/p>\n\n\n\n<ul class=\"wp-block-list\">\n<li>Pa\u0142ac w \u0141\u0119knie (1857)<\/li>\n\n\n\n<li>Kaplica Kalkstein\u00f3w w Che\u0142m\u017cy (1858\u20131862)<br>Pa\u0142ac w Dusinie (1865)<\/li>\n\n\n\n<li>Pa\u0142ac Potworowskich w Kosowie (1866)<\/li>\n\n\n\n<li>Ko\u015bci\u00f3\u0142 \u015bw. Katarzyny w Brodnicy (1867\u20131874)<\/li>\n\n\n\n<li>Pa\u0142ac w Posadowie (1870)<\/li>\n\n\n\n<li><strong><a href=\"https:\/\/poborskid.wordpress.com\/2023\/07\/18\/palac-tarce\/\">Pa\u0142ac w Tarcach<\/a><\/strong> (1871)<\/li>\n\n\n\n<li>Pa\u0142ac w Nowej Wsi (1874\u20131876)<\/li>\n\n\n\n<li>Pa\u0142ac w Mystkach (1877)<\/li>\n\n\n\n<li>Pa\u0142ac w Biezdrowie (1877)<\/li>\n\n\n\n<li>Zesp\u00f3\u0142 pa\u0142acowo-parkowy w Potulicach<\/li>\n<\/ul>\n\n\n\n<hr class=\"wp-block-separator has-alpha-channel-opacity\"\/>\n\n\n\n<figure class=\"wp-block-image size-large is-resized\"><img decoding=\"async\" src=\"https:\/\/poborskid.files.wordpress.com\/2023\/12\/logoarchi-1.jpg?w=600\" alt=\"\" class=\"wp-image-3150\" style=\"width:77px;height:auto\"\/><\/figure>\n\n\n\n<p><strong>Hilary Szpilowski <\/strong><\/p>\n\n\n\n<p>(ur. 1753, zm. 10 marca 1827) \u2013 polski architekt, reprezentant klasycyzmu i neogotyku, budowniczy wojew\u00f3dztwa mazowieckiego Kr\u00f3lestwa Polskiego, wyk\u0142adowca Kr\u00f3lewskiego Uniwersytetu Warszawskiego<\/p>\n\n\n\n<p>Od 1781 pracowa\u0142 u Stanis\u0142awa Zawadzkiego, w 1785 zosta\u0142 przysi\u0119g\u0142ym architektem m. Warszawy. Od 1807 budowniczy departamentowy i asesor w Izbie Administracyjnej Departamentu Warszawskiego. W latach 1817\u20131823 zast\u0119pca profesora i wyk\u0142adowca Kr\u00f3lewskiego Uniwersytetu Warszawskiego. Jesieni\u0105 1823 r. zosta\u0142 zwolniony z uczelni. Zmar\u0142 10 marca 1827 w Warszawie.<\/p>\n\n\n\n<p>Wa\u017cniejsze prace:<\/p>\n\n\n\n<ul class=\"wp-block-list\">\n<li>ratusz w Piasecznie (1824)<\/li>\n\n\n\n<li>ratusz w Warce<\/li>\n\n\n\n<li>pa\u0142ac w Walewicach (1783)<\/li>\n\n\n\n<li>pa\u0142ac w Ma\u0142ej Wsi (1783\u20131786)<\/li>\n\n\n\n<li>projekt przebudowy pa\u0142acu w Nieborowie (1784)<\/li>\n\n\n\n<li>pa\u0142ac w Luberadzu (1789)<\/li>\n\n\n\n<li>pa\u0142ac w S\u0142ubicach (1789)<\/li>\n\n\n\n<li>pa\u0142ac w Studzie\u0144cu (1790)<\/li>\n\n\n\n<li>pa\u0142ac w Rudnie (ok. 1800)<\/li>\n\n\n\n<li>dw\u00f3r w Tu\u0142owicach (ok. 1800)<\/li>\n\n\n\n<li>zesp\u00f3\u0142 dworski w Rudkach (ok. 1800)<\/li>\n\n\n\n<li>ko\u015bci\u00f3\u0142 w Grabowie (1803\u20131814)<\/li>\n\n\n\n<li><strong>pa\u0142ac w Staro\u017arebach (1805)<\/strong><\/li>\n\n\n\n<li>prace przy kolumnie Zygmunta III Wazy w Warszawie (1808)<\/li>\n\n\n\n<li>prace przy Zamku Kr\u00f3lewskim w Warszawie (1810)<\/li>\n\n\n\n<li>nagrobek Bacciarellich w Katedrze Warszawskiej (1818)<\/li>\n\n\n\n<li>ratusz w Gr\u00f3jcu (1821)<\/li>\n\n\n\n<li>ratusz w Mogielnicy (1821)<\/li>\n\n\n\n<li>prace przy budowie Obserwatorium Astronomicznego w Ujazdowie (1822\u20131824)<\/li>\n\n\n\n<li>ratusz w Gostyninie<\/li>\n\n\n\n<li>projekt Wodozbioru w \u0141azienkach<\/li>\n\n\n\n<li>projekt przebudowy pa\u0142acu Saskiego (1825)<br><\/li>\n<\/ul>\n\n\n\n<hr class=\"wp-block-separator has-alpha-channel-opacity\"\/>\n\n\n\n<figure class=\"wp-block-image size-large is-resized\"><img decoding=\"async\" src=\"https:\/\/poborskid.files.wordpress.com\/2023\/12\/logoarchi-1.jpg?w=600\" alt=\"\" class=\"wp-image-3150\" style=\"width:77px;height:auto\"\/><\/figure>\n\n\n\n<p><strong>J\u00f3zef Naronowicz-Naro\u0144ski<\/strong><\/p>\n\n\n\n<p>(ur. ok. 1610, zm. 1672) urodzony  prawdopodobnie w Narunach, by\u0142 wybitnym matematykiem, geodet\u0105, kartografem i architektem.<\/p>\n\n\n\n<p>Urodzi\u0142 si\u0119 w rodzinie wyznania kalwi\u0144skiego na Litwie. Naro\u0144ski zdoby\u0142 wszechstronne wykszta\u0142cenie z matematyki, geodezji i kartografii, kszta\u0142c\u0105c si\u0119 w Kiejdanach, Akademii Rakowskiej oraz prawdopodobnie w Lejdzie. Mia\u0142 bieg\u0142\u0105 znajomo\u015b\u0107 j\u0119zyka polskiego, \u0142aciny, francuskiego, flamandzkiego oraz ograniczon\u0105 znajomo\u015b\u0107 niemieckiego.<\/p>\n\n\n\n<p>Po edykcie sejmowym w 1658 roku, skazuj\u0105cym braci polskich na banicj\u0119, Naro\u0144ski osiedli\u0142 si\u0119 na terenie Prus Ksi\u0105\u017c\u0119cych. G\u0142\u00f3wnym zleceniodawc\u0105 jego prac kartograficznych by\u0142 elektor Fryderyk Wilhelm, a sam Naronowicz-Naro\u0144ski nosi\u0142 tytu\u0142 cywilnego in\u017cyniera i geografa elektora. W pracy kartograficznej wspiera\u0142 go jego syn Jan J\u00f3zef, kt\u00f3ry zmar\u0142 w 1672 roku, oraz od 1672 roku Andrzej Woynowski. Naro\u0144ski r\u00f3wnie\u017c wsp\u00f3\u0142pracowa\u0142 z Samuelem Suchodolcem (Suchodolskim), kt\u00f3ry p\u00f3\u017aniej zosta\u0142 w\u0142a\u015bcicielem folwarku w Starej R\u00f3\u017cance.<\/p>\n\n\n\n<p>J\u00f3zef Naronowicz-Naro\u0144ski zmar\u0142 w kwietniu 1678 roku w Szczytnie, pozostawiaj\u0105c po sobie bogaty dorobek naukowy i kartograficzny. Jego prace mia\u0142y du\u017cy wp\u0142yw na rozw\u00f3j kartografii i geodezji w Prusach Ksi\u0105\u017c\u0119cych i w ca\u0142ej Europie.<\/p>\n\n\n\n<ul class=\"wp-block-list\">\n<li>projekty budowy i przebudowy pa\u0142ac\u00f3w i zamk\u00f3w na terenie Prus Ksi\u0105\u017c\u0119cych m.in. <a href=\"https:\/\/poborskid.wordpress.com\/2023\/08\/01\/palac-w-prosnie\/\"><strong>Pa\u0142acu w Pro\u015bnie<\/strong><\/a>.<\/li>\n<\/ul>\n\n\n\n<hr class=\"wp-block-separator has-alpha-channel-opacity\"\/>\n\n\n\n<figure class=\"wp-block-image size-large is-resized\"><img decoding=\"async\" src=\"https:\/\/poborskid.files.wordpress.com\/2023\/12\/logoarchi-1.jpg?w=600\" alt=\"\" class=\"wp-image-3150\" style=\"width:77px;height:auto\"\/><\/figure>\n\n\n\n<p><strong>Carl Wolf<\/strong><\/p>\n\n\n\n<p>https:\/\/de.wikipedia.org\/wiki\/Carl_Wolf_(Architekt)<\/p>\n\n\n\n<hr class=\"wp-block-separator has-alpha-channel-opacity\"\/>\n\n\n\n<figure class=\"wp-block-image size-large is-resized\"><img decoding=\"async\" src=\"https:\/\/poborskid.files.wordpress.com\/2023\/12\/logoarchi-1.jpg?w=600\" alt=\"\" class=\"wp-image-3150\" style=\"width:77px;height:auto\"\/><\/figure>\n\n\n\n<p><strong>Josef Carl Raabe<\/strong><\/p>\n\n\n\n<p>Karl Josef Raabe (* 1780 w Deutsch-Wartenberg na \u015al\u0105sku; \u2020 25 lipca 1849 we Wroc\u0142awiu) by\u0142 niemieckim malarzem, in\u017cynierem, geografem i architektem. Otrzyma\u0142 wykszta\u0142cenie artystyczne w Szkole Rzemios\u0142 Artystycznych we Wroc\u0142awiu, a nast\u0119pnie przeni\u00f3s\u0142 si\u0119 na dw\u00f3r weimarski w 1811 roku. Tam namalowa\u0142 miniaturowe portrety mi\u0119dzy innymi Johanna Wolfganga von Goethego i Christopha Martina Wielanda. Stworzy\u0142 r\u00f3wnie\u017c wiele obraz\u00f3w krajobrazowych i historycznych.<\/p>\n\n\n\n<p>W 1816 roku zosta\u0142 cz\u0142onkiem Akademii Drezde\u0144skiej. Pe\u0142ni\u0142 r\u00f3wnie\u017c funkcj\u0119 inspektora budowlanego w Erdmannsdorf. Od 1829 r. uczy\u0142 rysunku w Szkole Rzemios\u0142 Artystycznych we Wroc\u0142awiu, gdzie w 1841 r. zosta\u0142 profesorem.<\/p>\n\n\n\n<p>Wa\u017cniejsze prace: <\/p>\n\n\n\n<ul class=\"wp-block-list\">\n<li>przebudowa <a href=\"https:\/\/poborskid.wordpress.com\/2024\/01\/09\/palac-w-myslakowicach\/\"><strong>Pa\u0142acu w Mys\u0142akowicach<\/strong><\/a> <em>[Schloss Erdmannsdorf]<\/em> &#8211; 1816 r.<\/li>\n<\/ul>\n\n\n\n<hr class=\"wp-block-separator has-alpha-channel-opacity\"\/>\n\n\n\n<figure class=\"wp-block-image size-large is-resized\"><img decoding=\"async\" src=\"https:\/\/poborskid.files.wordpress.com\/2023\/12\/logoarchi-1.jpg?w=600\" alt=\"\" class=\"wp-image-3150\" style=\"width:77px;height:auto\"\/><\/figure>\n\n\n\n<p><strong>&nbsp;F. August Schuler<\/strong><\/p>\n\n\n\n<hr class=\"wp-block-separator has-alpha-channel-opacity\"\/>\n\n\n\n<p><a href=\"http:\/\/www.kmkbuecholdt.de\/historisches\/personen\/Architekten00.htm\">http:\/\/www.kmkbuecholdt.de\/historisches\/personen\/Architekten00.htm<\/a><\/p>\n","protected":false},"excerpt":{"rendered":"<p>Carl Gotthard Langhans [czytaj] (ur. 15 grudnia 1732 w Kamiennej G\u00f3rze, zm. 1 pa\u017adziernika 1808 w D\u0105biu ko\u0142o Wroc\u0142awia) \u2013 niemiecki architekt i budowniczy, jeden z najwa\u017cniejszych przedstawicieli wczesnego klasycyzmu w architekturze Prus. Studiowa\u0142 prawo i matematyk\u0119 w Halle, w zakresie architektury by\u0142 samoukiem . W latach 1768\u20131769 dzi\u0119ki poparciu ksi\u0119cia Franza Philippa Adriana von [&hellip;]<\/p>\n","protected":false},"author":2,"featured_media":0,"parent":0,"menu_order":0,"comment_status":"closed","ping_status":"closed","template":"","meta":{"footnotes":""},"class_list":["post-917","page","type-page","status-publish","hentry"],"_links":{"self":[{"href":"https:\/\/poborski.eu\/index.php?rest_route=\/wp\/v2\/pages\/917","targetHints":{"allow":["GET"]}}],"collection":[{"href":"https:\/\/poborski.eu\/index.php?rest_route=\/wp\/v2\/pages"}],"about":[{"href":"https:\/\/poborski.eu\/index.php?rest_route=\/wp\/v2\/types\/page"}],"author":[{"embeddable":true,"href":"https:\/\/poborski.eu\/index.php?rest_route=\/wp\/v2\/users\/2"}],"replies":[{"embeddable":true,"href":"https:\/\/poborski.eu\/index.php?rest_route=%2Fwp%2Fv2%2Fcomments&post=917"}],"version-history":[{"count":1,"href":"https:\/\/poborski.eu\/index.php?rest_route=\/wp\/v2\/pages\/917\/revisions"}],"predecessor-version":[{"id":918,"href":"https:\/\/poborski.eu\/index.php?rest_route=\/wp\/v2\/pages\/917\/revisions\/918"}],"wp:attachment":[{"href":"https:\/\/poborski.eu\/index.php?rest_route=%2Fwp%2Fv2%2Fmedia&parent=917"}],"curies":[{"name":"wp","href":"https:\/\/api.w.org\/{rel}","templated":true}]}}